{"id":235,"date":"2018-10-01T13:28:58","date_gmt":"2018-10-01T11:28:58","guid":{"rendered":"https:\/\/vfa-architekten.de\/staging\/?page_id=235"},"modified":"2024-06-18T17:20:04","modified_gmt":"2024-06-18T15:20:04","slug":"datenschutz","status":"publish","type":"page","link":"https:\/\/vfa-architekten.de\/staging\/datenschutz\/","title":{"rendered":"Datenschutz"},"content":{"rendered":"<div class=\"wpb-content-wrapper\"><div id=\"modal-ready\"><p>[vc_row row_height_percent=&#8220;0&#8243; overlay_alpha=&#8220;50&#8243; gutter_size=&#8220;4&#8243; column_width_percent=&#8220;100&#8243; shift_y=&#8220;0&#8243; z_index=&#8220;0&#8243;][vc_column width=&#8220;1\/1&#8243;][vc_custom_heading text_size=&#8220;h1&#8243;]Datenschutz[\/vc_custom_heading][\/vc_column][\/vc_row][vc_row row_height_percent=&#8220;0&#8243; override_padding=&#8220;yes&#8220; h_padding=&#8220;2&#8243; top_padding=&#8220;1&#8243; bottom_padding=&#8220;3&#8243; overlay_alpha=&#8220;50&#8243; gutter_size=&#8220;4&#8243; column_width_percent=&#8220;100&#8243; shift_y=&#8220;0&#8243; z_index=&#8220;0&#8243;][vc_column width=&#8220;3\/4&#8243;][vc_column_text uncode_shortcode_id=&#8220;821981&#8243;]<\/p>\n<header class=\"entry-header\">\n<p class=\"entry-title\"><strong>Gegenstand dieser Datenschutzerkl\u00e4rung:<\/strong><\/p>\n<\/header>\n<div class=\"entry-content content\">\n<div id=\"x-content-band-1\" class=\"x-content-band vc\">\n<div class=\"x-container wpb_row\">\n<div class=\"x-column x-sm vc x-1-1\">\n<p>Der Schutz Ihrer personenbezogenen Daten (im Folgenden kurz ,,Daten\u201c) ist uns ein gro\u00dfes und sehr wichtiges Anliegen. Nachfolgend m\u00f6chten wir Sie daher ausf\u00fchrlich dar\u00fcber informieren, welche Daten bei uns erhoben und wie diese von uns im Folgenden verarbeitet oder genutzt werden, ebenso wie, welche begleitenden Schutzma\u00dfnahmen wir auch in technischer und organisatorischer Hinsicht getroffen haben.<\/p>\n<p><strong>Name und Kontaktdaten des Verantwortlichen:<\/strong><\/p>\n<p><b><\/b>Verantwortlich f\u00fcr die Datenverarbeitung im Sinne der Datenschutz-Grundverordnung (DSGVO) und zugleich Diensteanbieter im Sinne des Digitale-Dienste-Gesetzes (DDG) ist:<br \/>\nVereinigung\u00a0 freischaffender ArchitektInnen Deutschland e. V.<br \/>\nHeike Helmke, Gesch\u00e4ftsf\u00fchrerin<br \/>\nStralauer Allee 2 a, 10245 Berlin<br \/>\nTel. 030 39 49 40 19<br \/>\nFax. 030 39 49 40 39<br \/>\nE-Mail:\u00a0<a href=\"mailto:info@vfa-architekten.de\">info@vfa-architekten.de<\/a><\/p>\n<p><strong>Erhebung und Speicherung personenbezogener Daten sowie Art und Zweck von deren Verwendung <\/strong><strong>beim Besuch der Website:<\/strong><\/p>\n<p>Beim Aufrufen unserer Website werden durch den auf Ihrem Endger\u00e4t zum Einsatz kommenden Browser automatisch Informationen an den Server unserer Website gesendet. Diese Informationen werden tempor\u00e4r in einem sog. Logfile gespeichert. Folgende Informationen werden dabei ohne Ihr Zutun erfasst und bis zur automatisierten L\u00f6schung gespeichert:<\/p>\n<p>\u2013 IP-Adresse des anfragenden Rechners,<br \/>\n\u2013 Datum und Uhrzeit des Zugriffs,<br \/>\n\u2013 Name und URL der abgerufenen Datei,<br \/>\n\u2013 Website, von der aus der Zugriff erfolgt (Referrer-URL),<br \/>\n\u2013 verwendeter Browser und ggf. das Betriebssystem Ihres Rechners sowie der Name Ihres Access-Providers.<br \/>\nDie genannten Daten werden durch uns zu folgenden Zwecken verarbeitet:<br \/>\n\u2013 Gew\u00e4hrleistung eines reibungslosen Verbindungsaufbaus der Website,<br \/>\n\u2013 Gew\u00e4hrleistung einer komfortablen Nutzung unserer Website,<br \/>\n\u2013 Auswertung der Systemsicherheit und -stabilit\u00e4t sowie<br \/>\n\u2013 zu weiteren administrativen Zwecken.<br \/>\nDie Rechtsgrundlage f\u00fcr die Datenverarbeitung ist Art. 6 Abs. 1 S. 1 lit. f DSGVO. Unser berechtigtes Interesse folgt aus oben aufgelisteten Zwecken zur Datenerhebung. In keinem Fall verwenden wir die erhobenen Daten zu dem Zweck, R\u00fcckschl\u00fcsse auf Ihre Person zu ziehen.<\/p>\n<p><strong>Bei Veranstaltungen:<\/strong><\/p>\n<p>F\u00fcr die Anmeldung zu Fortbildungen und Veranstaltungen ist es erforderlich, dass Sie pers\u00f6nliche Daten angeben, welche wir f\u00fcr die Abwicklung der Anmeldung, Durchf\u00fchrung und ggf. Bescheinigung der Fortbildung bzw. Veranstaltung\u00a0 ben\u00f6tigen und verarbeiten m\u00fcssen. (Rechtsgrundlage hierf\u00fcr ist Art. 6 Abs. 1 S. 1 lit. a DSGVO) . Nach Beendigung der Veranstaltung l\u00f6schen wir Ihre personenbezogenen Daten. Selbstverst\u00e4ndlich k\u00f6nnen Sie Ihre Daten schon vor Beendigung der Veranstaltung l\u00f6schen lassen bzw. Ihre Einwilligung zur Verarbeitung Ihrer Daten unter\u00a0<a href=\"mailto:datenschutz@vfa-architekten.de\">datenschutz@vfa-architekten.de<\/a>\u00a0widerrufen. Bitte beachten Sie aber, dass dann Ihre Anmeldung und Teilnahme an der Veranstaltung nicht m\u00f6glich ist.<\/p>\n<p><strong>Weitergabe von Daten:<\/strong><\/p>\n<p><b><\/b>Eine \u00dcbermittlung Ihrer pers\u00f6nlichen Daten an Dritte zu anderen als den im Folgenden aufgef\u00fchrten Zwecken findet nicht statt. Wir geben Ihre pers\u00f6nlichen Daten nur an Dritte weiter, wenn:<br \/>\n\u2013 Sie Ihre nach Art. 6 Abs. 1 S. 1 lit. a DSGVO ausdr\u00fcckliche Einwilligung dazu erteilt haben,<br \/>\n\u2013 die Weitergabe nach Art. 6 Abs. 1 S. 1 lit. f DSGVO zur Geltendmachung, Aus\u00fcbung oder Verteidigung von Rechtsanspr\u00fcchen erforderlich ist und kein Grund zur Annahme besteht, dass Sie ein \u00fcberwiegendes schutzw\u00fcrdiges Interesse an der Nichtweitergabe Ihrer Daten haben,<br \/>\n\u2013 f\u00fcr den Fall, dass f\u00fcr die Weitergabe nach Art. 6 Abs. 1 S. 1 lit. c DSGVO eine gesetzliche Verpflichtung besteht, sowie<br \/>\n\u2013 dies gesetzlich zul\u00e4ssig und nach Art. 6 Abs. 1 S. 1 lit. b DSGVO f\u00fcr die Abwicklung von Vertragsverh\u00e4ltnissen mit Ihnen erforderlich ist.<\/p>\n<p><strong>Betroffenenrechte:<\/strong><\/p>\n<p><b><\/b>Sie haben das Recht:<br \/>\n\u2013 gem\u00e4\u00df Art. 15 DSGVO Auskunft \u00fcber Ihre von uns verarbeiteten personenbezogenen Daten zu verlangen. Insbesondere k\u00f6nnen Sie Auskunft \u00fcber die Verarbeitungszwecke, die Kategorie der personenbezogenen Daten, die Kategorien von Empf\u00e4ngern, gegen\u00fcber denen Ihre Daten offengelegt wurden oder werden, die geplante Speicherdauer, das Bestehen eines Rechts auf Berichtigung, L\u00f6schung, Einschr\u00e4nkung der Verarbeitung oder Widerspruch, das Bestehen eines Beschwerderechts, die Herkunft ihrer Daten, sofern diese nicht bei uns erhoben wurden, sowie \u00fcber das Bestehen einer automatisierten Entscheidungsfindung einschlie\u00dflich Profiling und ggf. aussagekr\u00e4ftigen Informationen zu deren Einzelheiten verlangen;<br \/>\n\u2013 gem\u00e4\u00df Art. 16 DSGVO unverz\u00fcglich die Berichtigung unrichtiger oder Vervollst\u00e4ndigung Ihrer bei uns gespeicherten personenbezogenen Daten zu verlangen;<br \/>\n\u2013 gem\u00e4\u00df Art. 17 DSGVO die L\u00f6schung Ihrer bei uns gespeicherten personenbezogenen Daten zu verlangen, soweit nicht die Verarbeitung zur Aus\u00fcbung des Rechts auf freie Meinungs\u00e4u\u00dferung und Information, zur Erf\u00fcllung einer rechtlichen Verpflichtung, aus Gr\u00fcnden des \u00f6ffentlichen Interesses oder zur Geltendmachung, Aus\u00fcbung oder Verteidigung von Rechtsanspr\u00fcchen erforderlich ist;<br \/>\n\u2013 gem\u00e4\u00df Art. 18 DSGVO die Einschr\u00e4nkung der Verarbeitung Ihrer personenbezogenen Daten zu verlangen, soweit die Richtigkeit der Daten von Ihnen bestritten wird, die Verarbeitung unrechtm\u00e4\u00dfig ist, Sie aber deren L\u00f6schung ablehnen und wir die Daten nicht mehr ben\u00f6tigen, Sie jedoch diese zur Geltendmachung, Aus\u00fcbung oder Verteidigung von Rechtsanspr\u00fcchen ben\u00f6tigen oder Sie gem\u00e4\u00df Art. 21 DSGVO Widerspruch gegen die Verarbeitung eingelegt haben;<br \/>\n\u2013 gem\u00e4\u00df Art. 19 DSGVO auf Unterrichtung: Haben Sie das Recht auf Berichtigung, L\u00f6schung oder Einschr\u00e4nkung der Verarbeitung gegen\u00fcber dem Verantwortlichen geltend gemacht, ist dieser verpflichtet, allen Empf\u00e4ngern, denen die Sie betreffenden personenbezogenen Daten offengelegt wurden, diese Berichtigung oder L\u00f6schung der Daten oder Einschr\u00e4nkung der Verarbeitung mitzuteilen, es sei denn, dies erweist sich als unm\u00f6glich oder ist mit einem unverh\u00e4ltnism\u00e4\u00dfigen Aufwand verbunden. Ihnen steht das Recht zu, \u00fcber diese Empf\u00e4nger unterrichtet zu werden.<br \/>\n\u2013 gem\u00e4\u00df Art. 20 DSGVO Ihre personenbezogenen Daten, die Sie uns bereitgestellt haben, in einem strukturierten, g\u00e4ngigen und maschinenlesebaren Format zu erhalten oder die \u00dcbermittlung an einen anderen Verantwortlichen zu verlangen;<br \/>\n\u2013 gem\u00e4\u00df Art. 7 Abs. 3 DSGVO Ihre einmal erteilte Einwilligung jederzeit gegen\u00fcber uns zu widerrufen. Dies hat zur Folge, dass wir die Datenverarbeitung, die auf dieser Einwilligung beruhte, f\u00fcr die Zukunft nicht mehr fortf\u00fchren d\u00fcrfen und<br \/>\n\u2013 gem\u00e4\u00df Art. 77 DSGVO sich bei einer Aufsichtsbeh\u00f6rde zu beschweren. In der Regel k\u00f6nnen Sie sich hierf\u00fcr an die Aufsichtsbeh\u00f6rde Ihres \u00fcblichen Aufenthaltsortes oder Arbeitsplatzes oder unseres Sitzes wenden.<\/p>\n<p><strong>Zust\u00e4ndige Aufsichtsbeh\u00f6rde f\u00fcr den Datenschutz:<\/strong><\/p>\n<p><b><\/b>Berliner Beauftragte fu\u0308r Datenschutz und Informationsfreiheit<br \/>\nMaja Smoltczyk<br \/>\nAn der Urania 4-10<br \/>\n10787 Berlin<br \/>\nTelefon: 030\/138 89-0<br \/>\nTelefax: 030\/215 50 50<\/p>\n<p>E-Mail: mailbox{at}datenschutz- berlin{dot}de<br \/>\n(PGP Key)<\/p>\n<p>Homepage:<br \/>\nhttp:\/\/www.datenschutz-berlin.de<\/p>\n<p><strong>Widerspruchsrecht:<\/strong><\/p>\n<p><b><\/b>Sofern Ihre personenbezogenen Daten auf Grundlage von berechtigten Interessen gem\u00e4\u00df Art. 6 Abs. 1 S. 1 lit. f DSGVO verarbeitet werden, haben Sie das Recht, gem\u00e4\u00df Art. 21 DSGVO Widerspruch gegen die Verarbeitung Ihrer personenbezogenen Daten einzulegen, soweit daf\u00fcr Gr\u00fcnde vorliegen, die sich aus Ihrer besonderen Situation ergeben oder sich der Widerspruch gegen Direktwerbung richtet. Im letzteren Fall haben Sie ein generelles Widerspruchsrecht, das ohne Angabe einer besonderen Situation von uns umgesetzt wird. M\u00f6chten Sie von Ihrem Widerrufs- oder Widerspruchsrecht Gebrauch machen, gen\u00fcgt eine E-Mail an\u00a0<a href=\"mailto:info@vfa-architekten.de\">info@vfa-architekten.de<\/a>.<\/p>\n<p><strong>Datensicherheit:<\/strong><\/p>\n<p><b><\/b>Wir setzen geeignete technische und organisatorische Sicherheitsma\u00dfnahmen ein, um Ihre Daten gegen zuf\u00e4llige oder vors\u00e4tzliche Manipulationen, teilweisen oder vollst\u00e4ndigen Verlust, Zerst\u00f6rung oder gegen den unbefugten Zugriff Dritter zu sch\u00fctzen. Unsere Sicherheitsma\u00dfnahmen werden entsprechend der technologischen Entwicklung fortlaufend verbessert.<\/p>\n<p><strong>Dauer der Speicherung:<\/strong><\/p>\n<p><b><\/b>Personenbezogene Daten werden jeweils nur so lange gespeichert, bis der Zweck der Datenspeicherung entf\u00e4llt, so lange kein berechtigtes Interesse an der Weiterspeicherung wie gesetzliche Aufbewahrungsfristen (z. B. handels- und steuerrechtlich) oder Verj\u00e4hrungsfristen von m\u00f6glicherweise der Rechtsverfolgung dienliche Daten der L\u00f6schung entgegenstehen\u00a0(in diesem Fall wird die Verarbeitung der Daten nach Art. 18 DSGVO eingeschr\u00e4nkt).<\/p>\n<p><strong>Hinweis auf mangelnde Vertraulichkeit bei Internet-Kommunikation:<\/strong><\/p>\n<p>Bitte beachten Sie, dass bei einer Kommunikation \u00fcber das Internet (z.B. per E-Mail) keine vollst\u00e4ndige Vertraulichkeit und Datensicherheit gew\u00e4hrleistet ist. Wir empfehlen daher bei vertraulichen Informationen den Postweg.<\/p>\n<p><strong>Links:<\/strong><\/p>\n<p>Diese Website verf\u00fcgt \u00fcber Links zu externen Seiten. Wenn Sie diese Links anklicken, muss Ihnen klar sein, dass die IP-Adresse in den meisten F\u00e4llen ebenfalls im Protokoll dieser Websites auftaucht. Diese Datenschutzerkl\u00e4rung gilt nur f\u00fcr diese Website und nicht f\u00fcr Websites Dritter.<\/p>\n<p><strong>Aktualit\u00e4t und \u00c4nderung dieser Datenschutzerkl\u00e4rung:<\/strong><\/p>\n<p>Diese Datenschutzerkl\u00e4rung ist aktuell g\u00fcltig und hat den Stand Mai 2018.<br \/>\nDurch die Weiterentwicklung unserer Website und Angebote dar\u00fcber oder aufgrund ge\u00e4nderter gesetzlicher beziehungsweise beh\u00f6rdlicher Vorgaben kann es notwendig werden, diese Datenschutzerkl\u00e4rung zu \u00e4ndern. Die jeweils aktuelle Datenschutzerkl\u00e4rung kann jederzeit an dieser Stelle von Ihnen abgerufen und ausgedruckt werden.<\/p>\n<\/div>\n<\/div>\n<\/div>\n<\/div>\n<p>[\/vc_column_text][\/vc_column][\/vc_row]<\/p>\n<\/div><\/div>","protected":false},"excerpt":{"rendered":"<p>[vc_row row_height_percent=&#8220;0&#8243; overlay_alpha=&#8220;50&#8243; gutter_size=&#8220;4&#8243; column_width_percent=&#8220;100&#8243; shift_y=&#8220;0&#8243; z_index=&#8220;0&#8243;][vc_column width=&#8220;1\/1&#8243;][vc_custom_heading text_size=&#8220;h1&#8243;]Datenschutz[\/vc_custom_heading][\/vc_column][\/vc_row][vc_row row_height_percent=&#8220;0&#8243; override_padding=&#8220;yes&#8220; h_padding=&#8220;2&#8243; top_padding=&#8220;1&#8243; bottom_padding=&#8220;3&#8243; overlay_alpha=&#8220;50&#8243; gutter_size=&#8220;4&#8243; column_width_percent=&#8220;100&#8243; shift_y=&#8220;0&#8243; z_index=&#8220;0&#8243;][vc_column width=&#8220;3\/4&#8243;][vc_column_text [&hellip;]<\/p>\n","protected":false},"author":295,"featured_media":0,"parent":0,"menu_order":0,"comment_status":"closed","ping_status":"closed","template":"","meta":{"_gspb_post_css":"","_jf_save_progress":"","footnotes":""},"class_list":["post-235","page","type-page","status-publish","hentry"],"publishpress_future_action":{"enabled":false,"date":"2026-05-08 07:53:24","action":"change-status","newStatus":"draft","terms":[],"taxonomy":"page_category"},"publishpress_future_workflow_manual_trigger":{"enabledWorkflows":[]},"_links":{"self":[{"href":"https:\/\/vfa-architekten.de\/staging\/wp-json\/wp\/v2\/pages\/235"}],"collection":[{"href":"https:\/\/vfa-architekten.de\/staging\/wp-json\/wp\/v2\/pages"}],"about":[{"href":"https:\/\/vfa-architekten.de\/staging\/wp-json\/wp\/v2\/types\/page"}],"author":[{"embeddable":true,"href":"https:\/\/vfa-architekten.de\/staging\/wp-json\/wp\/v2\/users\/295"}],"replies":[{"embeddable":true,"href":"https:\/\/vfa-architekten.de\/staging\/wp-json\/wp\/v2\/comments?post=235"}],"version-history":[{"count":3,"href":"https:\/\/vfa-architekten.de\/staging\/wp-json\/wp\/v2\/pages\/235\/revisions"}],"predecessor-version":[{"id":5580,"href":"https:\/\/vfa-architekten.de\/staging\/wp-json\/wp\/v2\/pages\/235\/revisions\/5580"}],"wp:attachment":[{"href":"https:\/\/vfa-architekten.de\/staging\/wp-json\/wp\/v2\/media?parent=235"}],"curies":[{"name":"wp","href":"https:\/\/api.w.org\/{rel}","templated":true}]}}